{"id":1626,"date":"2021-10-22T10:44:17","date_gmt":"2021-10-22T10:44:17","guid":{"rendered":"https:\/\/soleplex.es\/aviso-legal-y-politica-de-privacidad\/"},"modified":"2023-11-16T11:37:39","modified_gmt":"2023-11-16T11:37:39","slug":"aviso-legal-y-politica-de-privacidad","status":"publish","type":"page","link":"https:\/\/soleplex.es\/ca\/aviso-legal-y-politica-de-privacidad\/","title":{"rendered":"Aviso legal y pol\u00edtica de privacidad"},"content":{"rendered":"\t\t<div data-elementor-type=\"wp-page\" data-elementor-id=\"1626\" class=\"elementor elementor-1626 elementor-295\" data-elementor-post-type=\"page\">\n\t\t\t\t\t\t\t\t\t<section class=\"elementor-section elementor-top-section elementor-element elementor-element-fa1367b elementor-section-height-min-height elementor-section-boxed elementor-section-height-default elementor-section-items-middle\" data-id=\"fa1367b\" data-element_type=\"section\" data-settings=\"{&quot;background_background&quot;:&quot;slideshow&quot;,&quot;background_slideshow_gallery&quot;:[{&quot;id&quot;:3177,&quot;url&quot;:&quot;https:\\\/\\\/soleplex.es\\\/wp-content\\\/uploads\\\/2023\\\/06\\\/banner-exteriores-1.webp&quot;},{&quot;id&quot;:3175,&quot;url&quot;:&quot;https:\\\/\\\/soleplex.es\\\/wp-content\\\/uploads\\\/2023\\\/06\\\/banner-aparadores-1.webp&quot;},{&quot;id&quot;:3179,&quot;url&quot;:&quot;https:\\\/\\\/soleplex.es\\\/wp-content\\\/uploads\\\/2023\\\/06\\\/banner-interiores-1.webp&quot;},{&quot;id&quot;:3181,&quot;url&quot;:&quot;https:\\\/\\\/soleplex.es\\\/wp-content\\\/uploads\\\/2023\\\/06\\\/banner-privacidad-1.webp&quot;}],&quot;background_slideshow_slide_transition&quot;:&quot;slide_left&quot;,&quot;background_slideshow_slide_duration&quot;:8000,&quot;background_slideshow_loop&quot;:&quot;yes&quot;,&quot;background_slideshow_transition_duration&quot;:500}\">\n\t\t\t\t\t\t\t<div class=\"elementor-background-overlay\"><\/div>\n\t\t\t\t\t\t\t<div class=\"elementor-container elementor-column-gap-default\">\n\t\t\t\t\t<div class=\"elementor-column elementor-col-100 elementor-top-column elementor-element elementor-element-4e818d8\" data-id=\"4e818d8\" data-element_type=\"column\">\n\t\t\t<div class=\"elementor-widget-wrap elementor-element-populated\">\n\t\t\t\t\t\t\t\t<div class=\"elementor-element elementor-element-01a29d6 elementor-widget elementor-widget-heading\" data-id=\"01a29d6\" data-element_type=\"widget\" data-widget_type=\"heading.default\">\n\t\t\t\t<div class=\"elementor-widget-container\">\n\t\t\t<style>\/*! elementor - v3.17.0 - 08-11-2023 *\/\n.elementor-heading-title{padding:0;margin:0;line-height:1}.elementor-widget-heading .elementor-heading-title[class*=elementor-size-]>a{color:inherit;font-size:inherit;line-height:inherit}.elementor-widget-heading .elementor-heading-title.elementor-size-small{font-size:15px}.elementor-widget-heading .elementor-heading-title.elementor-size-medium{font-size:19px}.elementor-widget-heading .elementor-heading-title.elementor-size-large{font-size:29px}.elementor-widget-heading .elementor-heading-title.elementor-size-xl{font-size:39px}.elementor-widget-heading .elementor-heading-title.elementor-size-xxl{font-size:59px}<\/style><h1 class=\"elementor-heading-title elementor-size-default\">Av\u00eds legal i pol\u00edtica de privacitat<\/h1>\t\t<\/div>\n\t\t\t\t<\/div>\n\t\t\t\t\t<\/div>\n\t\t<\/div>\n\t\t\t\t\t\t\t<\/div>\n\t\t<\/section>\n\t\t\t\t<section class=\"elementor-section elementor-top-section elementor-element elementor-element-e3f2fa8 elementor-section-full_width elementor-section-height-default elementor-section-height-default\" data-id=\"e3f2fa8\" data-element_type=\"section\">\n\t\t\t\t\t\t<div class=\"elementor-container elementor-column-gap-default\">\n\t\t\t\t\t<div class=\"elementor-column elementor-col-100 elementor-top-column elementor-element elementor-element-e5dd580\" data-id=\"e5dd580\" data-element_type=\"column\">\n\t\t\t<div class=\"elementor-widget-wrap elementor-element-populated\">\n\t\t\t\t\t\t\t\t<div class=\"elementor-element elementor-element-c65a458 elementor-widget elementor-widget-text-editor\" data-id=\"c65a458\" data-element_type=\"widget\" data-widget_type=\"text-editor.default\">\n\t\t\t\t<div class=\"elementor-widget-container\">\n\t\t\t<style>\/*! elementor - v3.17.0 - 08-11-2023 *\/\n.elementor-widget-text-editor.elementor-drop-cap-view-stacked .elementor-drop-cap{background-color:#69727d;color:#fff}.elementor-widget-text-editor.elementor-drop-cap-view-framed .elementor-drop-cap{color:#69727d;border:3px solid;background-color:transparent}.elementor-widget-text-editor:not(.elementor-drop-cap-view-default) .elementor-drop-cap{margin-top:8px}.elementor-widget-text-editor:not(.elementor-drop-cap-view-default) .elementor-drop-cap-letter{width:1em;height:1em}.elementor-widget-text-editor .elementor-drop-cap{float:left;text-align:center;line-height:1;font-size:50px}.elementor-widget-text-editor .elementor-drop-cap-letter{display:inline-block}<\/style>\t\t\t\t<h2><strong>Aviso Legal<\/strong><\/h2>\n<p>El presente Aviso Legal regula el acceso, navegaci\u00f3n y uso del presente sitio web <a href=\"http:\/\/www.soleplex.es\">www.soleplex.es<\/a> \u00a0(en adelante, el \u201c<strong>Sitio Web<\/strong>\u201d).<\/p>\n<h4><strong>\u00a0<\/strong><strong>1.- Informaci\u00f3n sobre el titular del Sitio Web<\/strong><\/h4>\n<p>Le informamos de que este Sitio Web es titularidad de Soleplex Swiss, S.L. (en adelante, el \u201c<strong>TITULAR<\/strong>\u201d), con C.I.F. B 66692005 y domicilio social en Dr. Ferran, 92-94, 08226 Terrassa (Barcelona).<\/p>\n<p>El usuario (en adelante, el \u201c<strong>Usuario<\/strong>\u201d) puede ponerse en contacto con Soleplex Swiss a trav\u00e9s de la siguiente direcci\u00f3n de correo electr\u00f3nico: <a href=\"mailto:info@soleplex.es\">info@soleplex.es<\/a><\/p>\n<h4><strong>2.- Usuarios<\/strong><\/h4>\n<p>El acceso y\/o uso al Sitio Web le atribuye la condici\u00f3n de Usuario, y acepta, desde dicho acceso y\/o uso, el presente Aviso Legal.<\/p>\n<p>Dicho acceso tiene car\u00e1cter libre y gratuito. No obstante, algunos de los servicios y contenidos ofrecidos en el Sitio Web por parte del TITULAR, puede encontrarse sujeto a la contrataci\u00f3n previa del servicio o producto y al pago de una cantidad de dinero en la forma que se determine.<\/p>\n<h4><strong>3.- Uso del Sitio Web<\/strong><\/h4>\n<p>El Usuario asume la responsabilidad del uso del Sitio Web. El Sitio Web puede proporcionar acceso a multitud de textos, gr\u00e1ficos, dibujos, dise\u00f1os, fotograf\u00edas, contenidos multimedia, e informaciones (en adelante, &#8220;<strong><em>Contenidos<\/em><\/strong>&#8220;) pertenecientes al TITULAR o a terceros a los que el Usuario puede tener acceso.<\/p>\n<p>El Usuario se compromete a hacer un uso adecuado de los Contenidos y servicios ofrecidos a trav\u00e9s del Sitio Web y con car\u00e1cter enunciativo pero no limitativo, a no emplearlos para <strong>(i)<\/strong> incurrir en actividades il\u00edcitas, ilegales o contrarias a la buena fe y al orden p\u00fablico; <strong>(ii)<\/strong> provocar da\u00f1os en los sistemas f\u00edsicos y l\u00f3gicos del titular del Sitio Web, de sus proveedores o de terceras personas, <strong>(iii) <\/strong>introducir o difundir en la red virus inform\u00e1ticos o cualesquiera otros sistemas f\u00edsicos o l\u00f3gicos que sean susceptibles de provocar los da\u00f1os anteriormente mencionados, <strong>(iv)<\/strong> intentar acceder, utilizar y\/o manipular los datos del TITULAR, terceros proveedores y otros Usuarios; <strong>(v)<\/strong> reproducir o copiar, distribuir, permitir el acceso del p\u00fablico a trav\u00e9s de cualquier modalidad de comunicaci\u00f3n p\u00fablica, transformar o modificar los Contenidos, a menos que se cuente con la autorizaci\u00f3n del titular de los correspondientes derechos; <strong>(vi)<\/strong> suprimir, ocultar o manipular las notas sobre derechos de propiedad intelectual o industrial y dem\u00e1s datos identificativos de los derechos del TITULAR o de terceros incorporados a los Contenidos, as\u00ed como los dispositivos t\u00e9cnicos de protecci\u00f3n o cualesquiera mecanismos de informaci\u00f3n que puedan insertarse en los Contenidos.<\/p>\n<p>El TITULAR tendr\u00e1 derecho a investigar y denunciar cualquiera de las conductas mencionadas de acuerdo con la Ley, as\u00ed como a colaborar con las autoridades en la investigaci\u00f3n de dichas actuaciones.<\/p>\n<h4><strong>4.- Propiedad Intelectual<\/strong><\/h4>\n<p>Todos los derechos de propiedad intelectual del contenido de este Sitio Web y su dise\u00f1o gr\u00e1fico son propiedad exclusiva del TITULAR, o bien de un tercero que ha autorizado la utilizaci\u00f3n de los mismos, por lo que es al TITULAR a quien le corresponde el ejercicio exclusivo de los derechos de explotaci\u00f3n de los mismos.<\/p>\n<p>Por ello y en virtud de lo dispuesto en el Real Decreto Legislativo 1\/1996, de 12 de Abril, por el que se aprueba el Texto Refundido de la Ley de Propiedad Intelectual, as\u00ed como en la Ley 17\/2001, de 7 de diciembre, de Marcas y la legislaci\u00f3n complementaria en materia de propiedad intelectual e industrial, queda prohibida la reproducci\u00f3n, transmisi\u00f3n, adaptaci\u00f3n, traducci\u00f3n, distribuci\u00f3n, comunicaci\u00f3n p\u00fablica, incluida su modalidad de puesta a disposici\u00f3n, o cualquier otra explotaci\u00f3n y\/o modificaci\u00f3n, total o parcial, sin previa autorizaci\u00f3n expresa del TITULAR, de cualquier contenido incluido en el Sitio Web.<\/p>\n<p>El TITULAR no concede ninguna licencia o autorizaci\u00f3n de uso de ninguna clase sobre sus derechos de propiedad intelectual e industrial o sobre cualquier otra propiedad o derecho relacionado con el Sitio Web, los servicios o los contenidos del mismo.<\/p>\n<p>La legitimidad de los derechos de propiedad intelectual o industrial correspondientes a los contenidos aportados por los Usuarios es responsabilidad exclusiva de los mismos, por lo que el Usuario mantendr\u00e1 indemne al TITULAR de cualquier reclamaci\u00f3n de terceros derivada de la utilizaci\u00f3n il\u00edcita de contenidos en el Sitio Web.<\/p>\n<h4><strong>5.- Responsabilidad y Garant\u00edas<\/strong><\/h4>\n<p>El TITULAR declara que ha adoptado las medidas necesarias que, dentro de sus posibilidades y el estado de la tecnolog\u00eda, permitan el correcto funcionamiento de su Sitio Web, as\u00ed como la ausencia de virus y componentes da\u00f1inos. Sin embargo, el TITULAR no puede hacerse responsable de: <strong>(i)<\/strong> la continuidad y disponibilidad de los Contenidos y Servicios; <strong>(ii)<\/strong> la ausencia de errores en dichos Contenidos ni la correcci\u00f3n de cualquier defecto que pudiera ocurrir; <strong>(iii)<\/strong> la ausencia de virus y\/o dem\u00e1s componentes da\u00f1inos; <strong>(iv)<\/strong> los da\u00f1os o perjuicios que cause cualquier persona que vulnere los sistemas de seguridad del TITULAR.<\/p>\n<p>El TITULAR podr\u00e1 suspender temporalmente y sin previo aviso, la accesibilidad al Sitio Web con motivo de operaciones de mantenimiento, reparaci\u00f3n, actualizaci\u00f3n o mejora. No obstante, siempre que las circunstancias lo permitan, el TITULAR comunicar\u00e1 al Usuario, con antelaci\u00f3n suficiente, la fecha prevista para la suspensi\u00f3n de los servicios.<\/p>\n<p>El TITULAR no asume ninguna responsabilidad sobre los enlaces a otras p\u00e1ginas web que se encuentren en el Sitio Web, pudiendo llevar al Usuario a otros sitios web sobre los que el TITULAR no tiene ning\u00fan tipo de control, por lo que el Usuario accede bajo su exclusiva responsabilidad al contenido y en las condiciones de uso que rijan en los mismos.<\/p>\n<h4><strong>6.- Hiperv\u00ednculos<\/strong><\/h4>\n<p>El TITULAR no se responsabiliza del uso que los Usuarios puedan hacer de los contenidos del Sitio Web ni de los contenidos de terceros que aparezcan en el Sitio Web. El TITULAR no tiene facultad ni medios humanos y t\u00e9cnicos para conocer, controlar, ni aprobar toda la informaci\u00f3n, contenidos, productos o servicios que faciliten los terceros titulares de otros sitios webs y que tengan establecidos en el Sitio Web.<\/p>\n<h4><strong>7.- Duraci\u00f3n y modificaci\u00f3n<\/strong><\/h4>\n<p>El presente Aviso Legal estar\u00e1 vigente con car\u00e1cter indefinido, pudiendo el TITULAR efectuar cambios sobre las condiciones especificadas en el presente Aviso Legal, y que entrar\u00e1n en vigor desde el momento de su publicaci\u00f3n.<\/p>\n<p>El TITULAR podr\u00e1 suprimir, a\u00f1adir o cambiar tanto los contenidos como los servicios que presta, as\u00ed como tambi\u00e9n la forma en la que los mismos aparezcan localizados o presentados. Se entienden como vigentes, las condiciones que est\u00e9n publicadas en el momento en el que el Usuario acceda al Sitio Web del TITULAR.<\/p>\n<p>El acceso y\/o el uso del Sitio Web se entender\u00e1n como una aceptaci\u00f3n por parte del Usuario del presente Aviso Legal y, en su caso, los cambios efectuados en las mismas.<\/p>\n<p>\u00a0<\/p>\n<h2><strong>POL\u00cdTICA DE PRIVACIDAD<\/strong><\/h2>\n<p>Esta Pol\u00edtica de Privacidad tiene por objeto informar al usuario (en adelante, el \u201c<strong><em>Usuario<\/em><\/strong>\u201d) de la p\u00e1gina web <a href=\"http:\/\/www.soleplex.es\">www.soleplex.es<\/a> (en adelante, el \u201c<strong><em>Sitio Web<\/em><\/strong>\u201d) sobre la recogida y tratamiento de sus datos personales.<\/p>\n<h4><strong>1.-<\/strong><strong> \u00bfCu\u00e1l es la empresa responsable del tratamiento de sus datos?<\/strong> \u00a0<\/h4>\n<p>La empresa responsable del tratamiento de sus datos es Soleplex Swiss, S.L. (en adelante, \u201c<strong><em>RESPONSABLE<\/em><\/strong>\u201d) con C.I.F. B 66692005 y domicilio social en Dr. Ferran, 92-94, 08226 Terrassa (Barcelona).<\/p>\n<p>Para cualquier cuesti\u00f3n relacionada con la presente Pol\u00edtica de Privacidad y Protecci\u00f3n de Datos, el Usuario podr\u00e1 contactar con RESPONSABLE en el correo electr\u00f3nico info@soleplex.es<\/p>\n<h4><strong>2.- \u00bfPor qu\u00e9 el RESPONSABLE est\u00e1 legitimado para llevar a cabo el tratamiento de datos?<\/strong><\/h4>\n<p>El RESPONSABLE procesa los datos personales del Usuario con el fin de poder llevar a cabo la prestaci\u00f3n de los servicios que este haya solicitado a trav\u00e9s del Sitio Web, para lo cual el Usuario presta su consentimiento mediante la aceptaci\u00f3n de la presente Pol\u00edtica de Privacidad y las casillas facilitadas correspondientes.<\/p>\n<p>El RESPONSABLE se toma muy en serio la protecci\u00f3n de su privacidad y de sus datos personales. Por lo tanto, su informaci\u00f3n personal se conserva de forma segura y se trata con el m\u00e1ximo cuidado, cumpliendo \u00edntegramente con lo dispuesto en el Reglamento (UE) 2016\/679 del Parlamento Europeo y del Consejo, de 27 de abril de 2016, relativo a la protecci\u00f3n de las personas f\u00edsicas en lo que respecta al tratamiento de datos personales y a la libre circulaci\u00f3n de estos datos (en adelante, \u201c<strong><em>RGPD<\/em><\/strong>\u201d).<\/p>\n<h4><strong>3.- \u00bfCu\u00e1les son<\/strong><strong> las<\/strong> <strong>finalidades del tratamiento de sus datos de car<\/strong><strong>\u00e1cter personal<\/strong><strong>?<\/strong><\/h4>\n<p>La presente Pol\u00edtica de Privacidad regula el acceso y el uso a los servicios (en adelante, los \u201c<strong><em>Servicios<\/em><\/strong>\u201d) que el RESPONSABLE pone a disposici\u00f3n de los Usuarios interesados en los servicios y a los contenidos alojados en el Sitio Web.<\/p>\n<p>De conformidad con lo establecido en el RGPD, le informamos que sus datos personales ser\u00e1n tratados con las finalidades que se relacionan a continuaci\u00f3n:<\/p>\n<ul>\n<li>Prestar los servicios solicitados por el Usuario en el Sitio Web.<\/li>\n<li>Enviar <em>Newsletters <\/em>y comunicaciones comerciales y promocionales relacionadas con los servicios del RESPONSABLE, por correo electr\u00f3nico, SMS\/MMS, por carta, tel\u00e9fono, o por otros medios de comunicaci\u00f3n electr\u00f3nica equivalentes, si as\u00ed lo desea el Usuario.<\/li>\n<\/ul>\n<p>No obstante, el Usuario podr\u00e1 revocar el consentimiento en cada comunicado comercial que se le haga llegar y, en cualquier momento, mediante notificaci\u00f3n en la siguiente direcci\u00f3n de correo electr\u00f3nico: <a href=\"mailto:info@soleplex.es\">info@soleplex.es<\/a><\/p>\n<h4><strong>4.- Conservaci\u00f3n de los datos<\/strong><\/h4>\n<p>Los datos recabados por el RESPONSABLE se conservar\u00e1n mientras se mantenga la relaci\u00f3n contractual de prestaci\u00f3n de servicios entre las partes, siempre y cuando no se solicite la supresi\u00f3n de dichos datos por el Usuario.<\/p>\n<p>Se informa al Usuario que sus datos ser\u00e1n recogidos \u00fanicamente para los fines expuestos en los p\u00e1rrafos anteriores y no ser\u00e1n tratados de manera incompatible con dichos fines.<\/p>\n<h4><strong>5.- Veracidad de los datos facilitados por los Usuarios<\/strong><\/h4>\n<p>El Usuario garantiza que los datos personales facilitados son veraces y se hace responsable de comunicar al RESPONSABLE cualquier modificaci\u00f3n de los mismos. El Usuario responder\u00e1, en cualquier caso, de la veracidad de los datos facilitados, reserv\u00e1ndose el RESPONSABLE el derecho a excluir de los servicios registrados a todos los Usuarios que hayan facilitado datos falsos, sin perjuicio de las dem\u00e1s acciones que procedan en Derecho.<\/p>\n<p>Se recomienda tener la m\u00e1xima diligencia en materia de Protecci\u00f3n de Datos mediante la utilizaci\u00f3n de herramientas de seguridad, no pudi\u00e9ndose responsabilizar al RESPONSABLE de sustracciones, modificaciones o p\u00e9rdidas de datos il\u00edcitas.<\/p>\n<p>Cualquier modificaci\u00f3n o actualizaci\u00f3n de \u00e9stos, deber\u00e1 ser comunicada al RESPONSABLE a trav\u00e9s de los medios de comunicaci\u00f3n disponibles en la presente Pol\u00edtica de Privacidad.<\/p>\n<h4><strong>6.- <\/strong><strong>\u00bfC\u00f3mo revoco mi consentimiento y ejercito mis derechos?<\/strong><\/h4>\n<p>El Usuario tienen derecho a <strong>(i)<\/strong> acceder a sus datos personales, as\u00ed como a <strong>(ii)<\/strong> solicitar la rectificaci\u00f3n de los datos inexactos o, en su caso, <strong>(iii)<\/strong> solicitar su supresi\u00f3n, <strong>(iv)<\/strong> solicitar la limitaci\u00f3n del tratamiento de sus datos, <strong>(v)<\/strong> oponerse al tratamiento de sus datos <strong>(vi)<\/strong> ejercitar el derecho al olvido de sus datos y <strong>(vii)<\/strong> solicitar su portabilidad. Adem\u00e1s, tendr\u00e1 derecho a no ser objeto de decisiones basadas \u00fanicamente en tratamientos automatizados.<\/p>\n<p>Para ejercer dichos derechos es necesario que el Usuario acredite su personalidad frente al RESPONSABLE mediante el env\u00edo de una fotocopia de su Documento Nacional de Identidad o cualquier otro medio v\u00e1lido en Derecho.<\/p>\n<p>Los Usuarios pueden ejercer todos estos derechos a trav\u00e9s de los medios de comunicaci\u00f3n facilitados en la presente Pol\u00edtica de Privacidad.<\/p>\n<p>Sin perjuicio de cualquier otro recurso administrativo o acci\u00f3n judicial, los Usuarios tendr\u00e1n derecho a presentar una reclamaci\u00f3n ante una Autoridad de Control, en particular en el Estado miembro en el que tenga su residencia habitual, lugar de trabajo o lugar de la supuesta infracci\u00f3n, en caso de que considere que el tratamiento de sus datos personales no es adecuado a la normativa, as\u00ed como en el caso de no ver satisfecho el ejercicio de sus derechos. La Autoridad de Control ante la que se haya presentado la reclamaci\u00f3n informar\u00e1 al reclamante sobre el curso y el resultado de la reclamaci\u00f3n.<\/p>\n<h4><strong>7.- Seguridad y conservaci\u00f3n de los datos.<\/strong><\/h4>\n<p>La protecci\u00f3n de la privacidad y los datos personales de sus clientes y visitantes es muy importante para el RESPONSABLE. Por lo tanto, el RESPONSABLE hace todo lo que est\u00e1 en su mano para impedir que sus datos se utilicen de forma inadecuada. A sus datos s\u00f3lo puede acceder el personal autorizado.<\/p>\n<p>El RESPONSABLE mantiene la seguridad adecuada de protecci\u00f3n de datos personales conforme a la normativa aplicable y ha establecido todos los medios t\u00e9cnicos a su alcance para evitar la p\u00e9rdida, mal uso, alteraci\u00f3n, acceso no autorizado y robo de los datos que los Usuarios faciliten a trav\u00e9s del Sitio Web, sin perjuicio de informarle de que las medidas de seguridad en Internet no son inexpugnables.<\/p>\n<p>El RESPONSABLE se compromete a cumplir con el deber de secreto y confidencialidad respecto de los datos personales de acuerdo con la legislaci\u00f3n aplicable.<\/p>\n<p>Los datos personales proporcionados se conservar\u00e1n por parte del RESPONSABLE durante el tiempo necesario para prestar el servicio.\u00a0<\/p>\n<h4>\u00a0<strong>8.- Enlaces<\/strong><\/h4>\n<p>Este Sitio Web puede contener enlaces a otros sitios web. Tenga en cuenta que no somos responsables del tratamiento de datos que puedan realizar los titulares de otros sitios web. La presente Pol\u00edtica de Privacidad se aplica exclusivamente a la informaci\u00f3n que recopilamos en este Sitio Web. Le recomendamos que lea las pol\u00edticas de privacidad de otros sitios web con los que enlace desde nuestro Sitio Web o que visite de cualquier otro modo.<\/p>\n<h4><strong>9.- Actualizaciones y cambios en la Pol\u00edtica de Privacidad<\/strong><\/h4>\n<p>El RESPONSABLE se reserva el derecho a introducir modificaciones en esta Pol\u00edtica de Privacidad. Cuando se produzcan dichos cambios, se le comunicar\u00e1n a los Usuarios mediante avisos en el Sitio Web, o bien trav\u00e9s de cualquier otro procedimiento adecuado seg\u00fan las circunstancias.<\/p>\n\t\t\t\t\t\t<\/div>\n\t\t\t\t<\/div>\n\t\t\t\t\t<\/div>\n\t\t<\/div>\n\t\t\t\t\t\t\t<\/div>\n\t\t<\/section>\n\t\t\t\t\t\t\t<\/div>\n\t\t","protected":false},"excerpt":{"rendered":"<p>Av\u00eds legal i pol\u00edtica de privacitat Aviso Legal El presente Aviso Legal regula el acceso, navegaci\u00f3n y uso del presente sitio web www.soleplex.es \u00a0(en adelante, el \u201cSitio Web\u201d). \u00a01.- Informaci\u00f3n sobre el titular del Sitio Web Le informamos de que este Sitio Web es titularidad de Soleplex Swiss, S.L. (en adelante, el \u201cTITULAR\u201d), con C.I.F. &hellip;<\/p>\n<p class=\"read-more\"> <a class=\"\" href=\"https:\/\/soleplex.es\/ca\/aviso-legal-y-politica-de-privacidad\/\"> <span class=\"screen-reader-text\">Aviso legal y pol\u00edtica de privacidad<\/span> Llegeix m\u00e9s &raquo;<\/a><\/p>\n","protected":false},"author":1,"featured_media":0,"parent":0,"menu_order":0,"comment_status":"closed","ping_status":"closed","template":"","meta":{"site-sidebar-layout":"no-sidebar","site-content-layout":"page-builder","ast-site-content-layout":"","site-content-style":"default","site-sidebar-style":"default","ast-global-header-display":"","ast-banner-title-visibility":"","ast-main-header-display":"","ast-hfb-above-header-display":"","ast-hfb-below-header-display":"","ast-hfb-mobile-header-display":"","site-post-title":"disabled","ast-breadcrumbs-content":"","ast-featured-img":"disabled","footer-sml-layout":"","theme-transparent-header-meta":"default","adv-header-id-meta":"","stick-header-meta":"","header-above-stick-meta":"","header-main-stick-meta":"","header-below-stick-meta":"","astra-migrate-meta-layouts":"","ast-page-background-enabled":"default","ast-page-background-meta":{"desktop":{"background-color":"var(--ast-global-color-4)","background-image":"","background-repeat":"repeat","background-position":"center center","background-size":"auto","background-attachment":"scroll","background-type":"","background-media":"","overlay-type":"","overlay-color":"","overlay-gradient":""},"tablet":{"background-color":"","background-image":"","background-repeat":"repeat","background-position":"center center","background-size":"auto","background-attachment":"scroll","background-type":"","background-media":"","overlay-type":"","overlay-color":"","overlay-gradient":""},"mobile":{"background-color":"","background-image":"","background-repeat":"repeat","background-position":"center center","background-size":"auto","background-attachment":"scroll","background-type":"","background-media":"","overlay-type":"","overlay-color":"","overlay-gradient":""}},"ast-content-background-meta":{"desktop":{"background-color":"var(--ast-global-color-5)","background-image":"","background-repeat":"repeat","background-position":"center center","background-size":"auto","background-attachment":"scroll","background-type":"","background-media":"","overlay-type":"","overlay-color":"","overlay-gradient":""},"tablet":{"background-color":"var(--ast-global-color-5)","background-image":"","background-repeat":"repeat","background-position":"center center","background-size":"auto","background-attachment":"scroll","background-type":"","background-media":"","overlay-type":"","overlay-color":"","overlay-gradient":""},"mobile":{"background-color":"var(--ast-global-color-5)","background-image":"","background-repeat":"repeat","background-position":"center center","background-size":"auto","background-attachment":"scroll","background-type":"","background-media":"","overlay-type":"","overlay-color":"","overlay-gradient":""}},"footnotes":"","_joinchat":[]},"acf":[],"yoast_head":"<!-- This site is optimized with the Yoast SEO plugin v22.6 - https:\/\/yoast.com\/wordpress\/plugins\/seo\/ -->\n<title>Aviso legal y pol\u00edtica de privacidad - Soleplex Swiss<\/title>\n<meta name=\"robots\" content=\"index, follow, max-snippet:-1, max-image-preview:large, max-video-preview:-1\" \/>\n<link rel=\"canonical\" href=\"https:\/\/soleplex.es\/ca\/aviso-legal-y-politica-de-privacidad\/\" \/>\n<meta property=\"og:locale\" content=\"ca_ES\" \/>\n<meta property=\"og:type\" content=\"article\" \/>\n<meta property=\"og:title\" content=\"Aviso legal y pol\u00edtica de privacidad - Soleplex Swiss\" \/>\n<meta property=\"og:description\" content=\"Av\u00eds legal i pol\u00edtica de privacitat Aviso Legal El presente Aviso Legal regula el acceso, navegaci\u00f3n y uso del presente sitio web www.soleplex.es \u00a0(en adelante, el \u201cSitio Web\u201d). \u00a01.- Informaci\u00f3n sobre el titular del Sitio Web Le informamos de que este Sitio Web es titularidad de Soleplex Swiss, S.L. (en adelante, el \u201cTITULAR\u201d), con C.I.F. &hellip; Aviso legal y pol\u00edtica de privacidad Llegeix m\u00e9s &raquo;\" \/>\n<meta property=\"og:url\" content=\"https:\/\/soleplex.es\/ca\/aviso-legal-y-politica-de-privacidad\/\" \/>\n<meta property=\"og:site_name\" content=\"Soleplex Swiss\" \/>\n<meta property=\"article:modified_time\" content=\"2023-11-16T11:37:39+00:00\" \/>\n<meta name=\"twitter:card\" content=\"summary_large_image\" \/>\n<meta name=\"twitter:label1\" content=\"Temps estimat de lectura\" \/>\n\t<meta name=\"twitter:data1\" content=\"12 minuts\" \/>\n<script type=\"application\/ld+json\" class=\"yoast-schema-graph\">{\"@context\":\"https:\/\/schema.org\",\"@graph\":[{\"@type\":\"WebPage\",\"@id\":\"https:\/\/soleplex.es\/ca\/aviso-legal-y-politica-de-privacidad\/\",\"url\":\"https:\/\/soleplex.es\/ca\/aviso-legal-y-politica-de-privacidad\/\",\"name\":\"Aviso legal y pol\u00edtica de privacidad - Soleplex Swiss\",\"isPartOf\":{\"@id\":\"https:\/\/soleplex.es\/#website\"},\"datePublished\":\"2021-10-22T10:44:17+00:00\",\"dateModified\":\"2023-11-16T11:37:39+00:00\",\"breadcrumb\":{\"@id\":\"https:\/\/soleplex.es\/ca\/aviso-legal-y-politica-de-privacidad\/#breadcrumb\"},\"inLanguage\":\"ca\",\"potentialAction\":[{\"@type\":\"ReadAction\",\"target\":[\"https:\/\/soleplex.es\/ca\/aviso-legal-y-politica-de-privacidad\/\"]}]},{\"@type\":\"BreadcrumbList\",\"@id\":\"https:\/\/soleplex.es\/ca\/aviso-legal-y-politica-de-privacidad\/#breadcrumb\",\"itemListElement\":[{\"@type\":\"ListItem\",\"position\":1,\"name\":\"Portada\",\"item\":\"https:\/\/soleplex.es\/ca\/\"},{\"@type\":\"ListItem\",\"position\":2,\"name\":\"Aviso legal y pol\u00edtica de privacidad\"}]},{\"@type\":\"WebSite\",\"@id\":\"https:\/\/soleplex.es\/#website\",\"url\":\"https:\/\/soleplex.es\/\",\"name\":\"Soleplex Swiss\",\"description\":\"L\u00e1minas solares, l\u00e1minas de seguridad y limpieza de graffitis\",\"publisher\":{\"@id\":\"https:\/\/soleplex.es\/#organization\"},\"potentialAction\":[{\"@type\":\"SearchAction\",\"target\":{\"@type\":\"EntryPoint\",\"urlTemplate\":\"https:\/\/soleplex.es\/?s={search_term_string}\"},\"query-input\":\"required name=search_term_string\"}],\"inLanguage\":\"ca\"},{\"@type\":\"Organization\",\"@id\":\"https:\/\/soleplex.es\/#organization\",\"name\":\"Soleplex Swiss\",\"url\":\"https:\/\/soleplex.es\/\",\"logo\":{\"@type\":\"ImageObject\",\"inLanguage\":\"ca\",\"@id\":\"https:\/\/soleplex.es\/#\/schema\/logo\/image\/\",\"url\":\"https:\/\/soleplex.es\/wp-content\/uploads\/2021\/10\/logo-soleplex.jpg\",\"contentUrl\":\"https:\/\/soleplex.es\/wp-content\/uploads\/2021\/10\/logo-soleplex.jpg\",\"width\":250,\"height\":118,\"caption\":\"Soleplex Swiss\"},\"image\":{\"@id\":\"https:\/\/soleplex.es\/#\/schema\/logo\/image\/\"}}]}<\/script>\n<!-- \/ Yoast SEO plugin. -->","yoast_head_json":{"title":"Aviso legal y pol\u00edtica de privacidad - Soleplex Swiss","robots":{"index":"index","follow":"follow","max-snippet":"max-snippet:-1","max-image-preview":"max-image-preview:large","max-video-preview":"max-video-preview:-1"},"canonical":"https:\/\/soleplex.es\/ca\/aviso-legal-y-politica-de-privacidad\/","og_locale":"ca_ES","og_type":"article","og_title":"Aviso legal y pol\u00edtica de privacidad - Soleplex Swiss","og_description":"Av\u00eds legal i pol\u00edtica de privacitat Aviso Legal El presente Aviso Legal regula el acceso, navegaci\u00f3n y uso del presente sitio web www.soleplex.es \u00a0(en adelante, el \u201cSitio Web\u201d). \u00a01.- Informaci\u00f3n sobre el titular del Sitio Web Le informamos de que este Sitio Web es titularidad de Soleplex Swiss, S.L. (en adelante, el \u201cTITULAR\u201d), con C.I.F. &hellip; Aviso legal y pol\u00edtica de privacidad Llegeix m\u00e9s &raquo;","og_url":"https:\/\/soleplex.es\/ca\/aviso-legal-y-politica-de-privacidad\/","og_site_name":"Soleplex Swiss","article_modified_time":"2023-11-16T11:37:39+00:00","twitter_card":"summary_large_image","twitter_misc":{"Temps estimat de lectura":"12 minuts"},"schema":{"@context":"https:\/\/schema.org","@graph":[{"@type":"WebPage","@id":"https:\/\/soleplex.es\/ca\/aviso-legal-y-politica-de-privacidad\/","url":"https:\/\/soleplex.es\/ca\/aviso-legal-y-politica-de-privacidad\/","name":"Aviso legal y pol\u00edtica de privacidad - Soleplex Swiss","isPartOf":{"@id":"https:\/\/soleplex.es\/#website"},"datePublished":"2021-10-22T10:44:17+00:00","dateModified":"2023-11-16T11:37:39+00:00","breadcrumb":{"@id":"https:\/\/soleplex.es\/ca\/aviso-legal-y-politica-de-privacidad\/#breadcrumb"},"inLanguage":"ca","potentialAction":[{"@type":"ReadAction","target":["https:\/\/soleplex.es\/ca\/aviso-legal-y-politica-de-privacidad\/"]}]},{"@type":"BreadcrumbList","@id":"https:\/\/soleplex.es\/ca\/aviso-legal-y-politica-de-privacidad\/#breadcrumb","itemListElement":[{"@type":"ListItem","position":1,"name":"Portada","item":"https:\/\/soleplex.es\/ca\/"},{"@type":"ListItem","position":2,"name":"Aviso legal y pol\u00edtica de privacidad"}]},{"@type":"WebSite","@id":"https:\/\/soleplex.es\/#website","url":"https:\/\/soleplex.es\/","name":"Soleplex Swiss","description":"L\u00e1minas solares, l\u00e1minas de seguridad y limpieza de graffitis","publisher":{"@id":"https:\/\/soleplex.es\/#organization"},"potentialAction":[{"@type":"SearchAction","target":{"@type":"EntryPoint","urlTemplate":"https:\/\/soleplex.es\/?s={search_term_string}"},"query-input":"required name=search_term_string"}],"inLanguage":"ca"},{"@type":"Organization","@id":"https:\/\/soleplex.es\/#organization","name":"Soleplex Swiss","url":"https:\/\/soleplex.es\/","logo":{"@type":"ImageObject","inLanguage":"ca","@id":"https:\/\/soleplex.es\/#\/schema\/logo\/image\/","url":"https:\/\/soleplex.es\/wp-content\/uploads\/2021\/10\/logo-soleplex.jpg","contentUrl":"https:\/\/soleplex.es\/wp-content\/uploads\/2021\/10\/logo-soleplex.jpg","width":250,"height":118,"caption":"Soleplex Swiss"},"image":{"@id":"https:\/\/soleplex.es\/#\/schema\/logo\/image\/"}}]}},"jetpack_sharing_enabled":true,"_links":{"self":[{"href":"https:\/\/soleplex.es\/ca\/wp-json\/wp\/v2\/pages\/1626"}],"collection":[{"href":"https:\/\/soleplex.es\/ca\/wp-json\/wp\/v2\/pages"}],"about":[{"href":"https:\/\/soleplex.es\/ca\/wp-json\/wp\/v2\/types\/page"}],"author":[{"embeddable":true,"href":"https:\/\/soleplex.es\/ca\/wp-json\/wp\/v2\/users\/1"}],"replies":[{"embeddable":true,"href":"https:\/\/soleplex.es\/ca\/wp-json\/wp\/v2\/comments?post=1626"}],"version-history":[{"count":41,"href":"https:\/\/soleplex.es\/ca\/wp-json\/wp\/v2\/pages\/1626\/revisions"}],"predecessor-version":[{"id":4445,"href":"https:\/\/soleplex.es\/ca\/wp-json\/wp\/v2\/pages\/1626\/revisions\/4445"}],"wp:attachment":[{"href":"https:\/\/soleplex.es\/ca\/wp-json\/wp\/v2\/media?parent=1626"}],"curies":[{"name":"wp","href":"https:\/\/api.w.org\/{rel}","templated":true}]}}